{"id":7997,"date":"2025-04-01T18:10:03","date_gmt":"2025-04-01T16:10:03","guid":{"rendered":"https:\/\/www.cm-lodge.com\/?page_id=7997"},"modified":"2025-07-14T17:47:07","modified_gmt":"2025-07-14T15:47:07","slug":"datenschutzerklaerung","status":"publish","type":"page","link":"https:\/\/www.cm-lodge.com\/it\/datenschutzerklaerung\/","title":{"rendered":"politica sulla riservatezza"},"content":{"rendered":"<div data-elementor-type=\"wp-page\" data-elementor-id=\"7997\" class=\"elementor elementor-7997\" data-elementor-post-type=\"page\">\n\t\t\t\t\t\t<section class=\"elementor-section elementor-top-section elementor-element elementor-element-b8f27bd elementor-section-boxed elementor-section-height-default elementor-section-height-default\" data-id=\"b8f27bd\" data-element_type=\"section\" data-e-type=\"section\" data-settings=\"{&quot;background_background&quot;:&quot;classic&quot;}\">\n\t\t\t\t\t\t<div class=\"elementor-container elementor-column-gap-no\">\n\t\t\t\t\t<div class=\"elementor-column elementor-col-100 elementor-top-column elementor-element elementor-element-dc9692d\" data-id=\"dc9692d\" data-element_type=\"column\" data-e-type=\"column\">\n\t\t\t<div class=\"elementor-widget-wrap elementor-element-populated\">\n\t\t\t\t\t\t<div class=\"elementor-element elementor-element-17d7c0e elementor-widget elementor-widget-heading\" data-id=\"17d7c0e\" data-element_type=\"widget\" data-e-type=\"widget\" data-widget_type=\"heading.default\">\n\t\t\t\t<div class=\"elementor-widget-container\">\n\t\t\t\t\t<h1 class=\"elementor-heading-title elementor-size-default\">Daten\u00adschutz\u00aderkl\u00e4rung\n<\/h1>\t\t\t\t<\/div>\n\t\t\t\t<\/div>\n\t\t\t\t<div class=\"elementor-element elementor-element-db9bae2 elementor-widget-divider--view-line elementor-widget elementor-widget-global elementor-global-6023 elementor-widget-divider\" data-id=\"db9bae2\" data-element_type=\"widget\" data-e-type=\"widget\" data-widget_type=\"divider.default\">\n\t\t\t\t<div class=\"elementor-widget-container\">\n\t\t\t\t\t\t\t<div class=\"elementor-divider\">\n\t\t\t<span class=\"elementor-divider-separator\">\n\t\t\t\t\t\t<\/span>\n\t\t<\/div>\n\t\t\t\t\t\t<\/div>\n\t\t\t\t<\/div>\n\t\t\t\t<div class=\"elementor-element elementor-element-af478ac elementor-widget elementor-widget-text-editor\" data-id=\"af478ac\" data-element_type=\"widget\" data-e-type=\"widget\" data-widget_type=\"text-editor.default\">\n\t\t\t\t<div class=\"elementor-widget-container\">\n\t\t\t\t\t\t\t\t\t<p>Mit dieser\u00a0<strong>Daten\u00adschutz\u00aderkl\u00e4rung<\/strong>\u00a0informieren wir \u00fcber die Bearbeitung von Personen\u00addaten im Zusammen\u00adhang mit unseren\u00a0<strong>Aktivit\u00e4ten und T\u00e4tigkeiten<\/strong>\u00a0einschliesslich unserer\u00a0<strong>Website<\/strong>\u00a0unter dem Domain\u00adnamen\u00a0cm-lodge.com. Wir informieren insbesondere, wof\u00fcr, wie und wo wir welche Personen\u00addaten bearbeiten. Wir informieren ausserdem \u00fcber die Rechte von Personen, deren Daten wir bearbeiten.<\/p><p>F\u00fcr einzelne oder zus\u00e4tzliche Aktivit\u00e4ten und T\u00e4tigkeiten k\u00f6nnen wir weitere Daten\u00adschutzer\u00adkl\u00e4rungen oder sonstige Informationen zum Daten\u00adschutz ver\u00f6ffentlichen.<\/p><p>Wir unterliegen dem schweizerischen Datenschutzrecht sowie allenfalls anwendbarem ausl\u00e4ndischem Datenschutz\u00adrecht wie insbesondere jenem der Europ\u00e4ischen Union\u00a0(EU) mit der europ\u00e4ischen Datenschutz-Grund\u00adverordnung\u00a0(DSGVO).<\/p><p>Die Europ\u00e4ische Kommission anerkannte mit\u00a0<a href=\"https:\/\/eur-lex.europa.eu\/legal-content\/DE\/TXT\/?uri=CELEX%3A32000D0518\" target=\"_new\" rel=\"nofollow noopener noreferrer\">Entscheidung vom 26.\u00a0Juli 2000<\/a>, dass das schweizerische Datenschutzrecht einen angemessenen Datenschutz gew\u00e4hrleistet. Mit\u00a0<a href=\"https:\/\/ec.europa.eu\/commission\/presscorner\/detail\/de\/ip_24_161\" target=\"_new\" rel=\"nofollow noopener noreferrer\">Bericht vom 15.\u00a0Januar 2024<\/a>\u00a0best\u00e4tigte die Europ\u00e4ische Kommission diesen Angemessenheits\u00adbeschluss.<\/p><h2>\u00a0<\/h2><h2>1. Kontakt\u00adadressen<\/h2><p>Verantwortung f\u00fcr die Bearbeitung von Personendaten:<\/p><p><strong>Conrad\u2019s Mountain Lodge AG<\/strong><br \/>Via dal Farrer 1<br \/>7513 Silvaplana<br \/>Svizzera<\/p><p><a href=\"mailto:mail@cm-lodge.com\">mail@cm-lodge.com<\/a><\/p><p>Im Einzelfall k\u00f6nnen Dritte f\u00fcr die Bearbeitung von Personendaten verantwortlich sein oder es kann eine gemeinsame Verantwortlichkeit mit Dritten bestehen.<\/p><h5>1.1 Daten\u00adschutz\u00adbeauftragte bzw. Daten\u00adschutz\u00adberater<\/h5><p>Wir verf\u00fcgen \u00fcber die nachfolgende Daten\u00adschutz\u00adbeauftragte bzw. den nachfolgenden Daten\u00adschutz\u00adberater als Anlauf\u00adstelle f\u00fcr betroffene Personen und Beh\u00f6rden bei Anfragen im Zusammenhang mit dem Daten\u00adschutz:<\/p><p><strong>Franca Chiesa<\/strong><br \/>Conrad\u2019s Mountain Lodge AG<br \/>Via dal Farrer 1<br \/>7513 Silvaplana<br \/>Svizzera<\/p><p><a href=\"mailto:mail@cm-lodge.com\">mail@cm-lodge.com<\/a><\/p><h5>1.2 Daten\u00adschutz-Vertretung im Europ\u00e4ischen Wirt\u00adschafts\u00adraum\u00a0(EWR)<\/h5><p>Wir verf\u00fcgen \u00fcber nachfolgende Daten\u00adschutz-Vertretung gem\u00e4ss\u00a0<a href=\"https:\/\/www.datenschutzpartner.ch\/dsgvo\/dsgvo-27\/\" target=\"_new\" rel=\"nofollow noopener noreferrer\">Art.\u00a027 DSGVO<\/a>:<\/p><p><strong>VGS Datenschutz\u00adpartner\u00a0GmbH<\/strong><br \/>Am Kaiserkai\u00a069<br \/>20457\u00a0Hamburg<br \/>Deutschland<\/p><p><a href=\"mailto:mail@cm-lodge.com\">mail@cm-lodge.com<\/a><\/p><p>Die Daten\u00adschutz-Vertretung dient betroffenen Personen und Beh\u00f6rden in der Europ\u00e4ischen Union\u00a0(EU) und im \u00fcbrigen Europ\u00e4ischen Wirt\u00adschaftsraum\u00a0(EWR) als\u00a0<em>zus\u00e4tzliche<\/em>\u00a0Anlauf\u00adstelle f\u00fcr Anfragen im Zusammenhang mit der DSGVO.<\/p><h2>\u00a0<\/h2><h2>2. Begriffe und Rechts\u00adgrundlagen<\/h2><h5>2.1 Begriffe<\/h5><p><strong>Betroffene Person:<\/strong>\u00a0Nat\u00fcrliche Person, \u00fcber die wir Personen\u00addaten bearbeiten.<\/p><p><strong>Personen\u00addaten:<\/strong>\u00a0<em>Alle<\/em>\u00a0Angaben, die sich auf eine bestimmte oder bestimmbare nat\u00fcrliche Person beziehen.<\/p><p><strong>Besonders sch\u00fctzenswerte Personen\u00addaten:<\/strong>\u00a0Daten \u00fcber gewerk\u00adschaftliche, politische, religi\u00f6se oder welt\u00adanschauliche Ansichten und T\u00e4tigkeiten, Daten \u00fcber die Gesund\u00adheit, die Intim\u00adsph\u00e4re oder die Zugeh\u00f6rigkeit zu einer Ethnie oder Rasse, genetische Daten, biometrische Daten, die eine nat\u00fcrliche Person eindeutig identifizieren, Daten \u00fcber straf- und verwaltungs\u00adrechtliche Sanktionen oder Verfolgungen, und Daten \u00fcber Mass\u00adnahmen der sozialen Hilfe.<\/p><p><strong>Bearbeiten:<\/strong>\u00a0<em>Jeder<\/em>\u00a0Umgang mit Personen\u00addaten,\u00a0<em>unabh\u00e4ngig<\/em>\u00a0von den angewandten Mitteln und Verfahren, beispielsweise das Abfragen, Abgleichen, Anpassen, Archivieren, Aufbewahren, Auslesen, Bekannt\u00adgeben, Beschaffen, Erfassen, Erheben, L\u00f6schen, Offenlegen, Ordnen, Organisieren, Speichern, Ver\u00e4ndern, Verbreiten, Verkn\u00fcpfen, Vernichten und Verwenden von Personen\u00addaten.<\/p><p><strong>Europ\u00e4ischer Wirtschafts\u00adraum\u00a0(EWR):<\/strong>\u00a0<a href=\"https:\/\/de.wikipedia.org\/wiki\/Mitgliedstaaten_der_Europ%C3%A4ischen_Union\" target=\"_new\" rel=\"nofollow noopener\">Mitglied\u00adstaaten der Europ\u00e4ischen Union<\/a>\u00a0(EU) sowie das F\u00fcrstentum Liechten\u00adstein, Island und Norwegen.<\/p><h5>2.2 Rechts\u00adgrundlagen<\/h5><p>Wir bearbeiten Personen\u00addaten im Einklang mit dem schweizerischen Daten\u00adschutz\u00adrecht wie insbesondere dem\u00a0<a href=\"https:\/\/www.fedlex.admin.ch\/eli\/oc\/2022\/491\/de\" target=\"_new\" rel=\"nofollow noopener noreferrer\">Bundes\u00adgesetz \u00fcber den Daten\u00adschutz<\/a>\u00a0(Daten\u00adschutz\u00adgesetz, DSG) und der\u00a0<a href=\"https:\/\/www.fedlex.admin.ch\/eli\/oc\/2022\/568\/de\" target=\"_new\" rel=\"nofollow noopener\">Verordnung \u00fcber den Daten\u00adschutz<\/a>\u00a0(Daten\u00adschutz\u00adverordnung, DSV).<\/p><p>Wir bearbeiten\u00a0\u2013 sofern und soweit die europ\u00e4ische Daten\u00adschutz-Grund\u00adverordnung (DSGVO) anwendbar ist\u00a0\u2013 Personen\u00addaten bzw. personenbezogene Daten gem\u00e4ss\u00a0<em>mindestens<\/em>\u00a0einer der folgenden Rechts\u00adgrundlagen:<\/p><ul><li><a href=\"https:\/\/www.datenschutzpartner.ch\/dsgvo\/dsgvo-6\/\/#1b\" target=\"_new\" rel=\"nofollow noopener noreferrer\">Art.\u00a06 Abs.\u00a01 lit.\u00a0b DSGVO<\/a>\u00a0f\u00fcr die erforderliche Bearbeitung personen\u00adbezogener Daten zur Erf\u00fcllung eines Vertrags mit der betroffenen Person sowie zur Durch\u00adf\u00fchrung vor\u00advertraglicher Mass\u00adnahmen.<\/li><li><a href=\"https:\/\/www.datenschutzpartner.ch\/dsgvo\/dsgvo-6\/\/#1f\" target=\"_new\" rel=\"nofollow noopener noreferrer\">Art.\u00a06 Abs.\u00a01 lit.\u00a0f DSGVO<\/a>\u00a0f\u00fcr die erforderliche Bearbeitung personen\u00adbezogener Daten, um berechtigte Interessen\u00a0\u2013 auch die berechtigten Interessen Dritter\u00a0\u2013 zu wahren, sofern nicht die Grund\u00adfreiheiten und Grund\u00adrechte sowie Interessen der betroffenen Person \u00fcberwiegen. Solche Interessen sind insbesondere die dauerhafte, menschen\u00adfreundliche, sichere und zuverl\u00e4ssige Aus\u00fcbung unserer Aktivit\u00e4ten und T\u00e4tig\u00adkeiten, die Gew\u00e4hr\u00adleistung der Informations\u00adsicherheit, der Schutz vor Miss\u00adbrauch, die Durch\u00adsetzung eigener recht\u00adlicher Anspr\u00fcche und die Ein\u00adhaltung von schweizerischem Recht.<\/li><li><a href=\"https:\/\/www.datenschutzpartner.ch\/dsgvo\/dsgvo-6\/\/#1c\" target=\"_new\" rel=\"nofollow noopener noreferrer\">Art.\u00a06 Abs.\u00a01 lit.\u00a0c DSGVO<\/a>\u00a0f\u00fcr die erforderliche Bearbeitung personen\u00adbezogener Daten zur Erf\u00fcllung einer recht\u00adlichen Ver\u00adpflichtung, der wir gem\u00e4ss allen\u00adfalls anwendbarem Recht von Mitgliedstaaten im Europ\u00e4ischen Wirtschafts\u00adraum\u00a0(EWR) unterliegen.<\/li><li><a href=\"https:\/\/www.datenschutzpartner.ch\/dsgvo\/dsgvo-6\/\/#1e\" target=\"_new\" rel=\"nofollow noopener noreferrer\">Art.\u00a06 Abs.\u00a01 lit\u00a0e DSGVO<\/a>\u00a0f\u00fcr die erforderliche Bearbeitung personen\u00adbezogener Daten zur Wahr\u00adnehmung einer Aufgabe, die im \u00f6ffent\u00adlichen Interesse liegt.<\/li><li><a href=\"https:\/\/www.datenschutzpartner.ch\/dsgvo\/dsgvo-6\/\/#1a\" target=\"_new\" rel=\"nofollow noopener noreferrer\">Art.\u00a06 Abs.\u00a01 lit.\u00a0a DSGVO<\/a>\u00a0f\u00fcr die Bearbeitung personen\u00adbezogener Daten mit Ein\u00adwilligung der betroffenen Person.<\/li><li><a href=\"https:\/\/www.datenschutzpartner.ch\/dsgvo\/dsgvo-6\/\/#1d\" target=\"_new\" rel=\"nofollow noopener noreferrer\">Art.\u00a06 Abs.\u00a01 lit.\u00a0d DSGVO<\/a>\u00a0f\u00fcr die erforderliche Bearbeitung personen\u00adbezogener Daten, um lebens\u00adwichtige Interessen der betroffenen Person oder einer anderen nat\u00fcrlichen Person zu sch\u00fctzen.<\/li><li><a href=\"https:\/\/www.datenschutzpartner.ch\/dsgvo\/dsgvo-9\/#2\" target=\"_new\" rel=\"nofollow noopener noreferrer\">Art.\u00a09 Abs.\u00a02\u00a0ff. DSGVO<\/a>\u00a0f\u00fcr die Bear\u00adbeitung besonderer Kate\u00adgorien personen\u00adbezogener Daten, ins\u00adbesondere mit Ein\u00adwilligung der betroffenen Personen.<\/li><\/ul><p>Die europ\u00e4ische Daten\u00adschutz-Grund\u00adverordnung\u00a0(DSGVO) bezeichnet die Bearbeitung von Personen\u00addaten als Verarbeitung personen\u00adbezogener Daten und die Bearbeitung von besonders sch\u00fctzenswerten Personen\u00addaten als Verarbeitung besonderer Kategorien personen\u00adbezogener Daten\u00a0<a href=\"https:\/\/www.datenschutzpartner.ch\/dsgvo\/dsgvo-9\/\" target=\"_new\" rel=\"nofollow noopener\">(Art.\u00a09 DSGVO)<\/a>.<\/p><h2>\u00a0<\/h2><h2>3. Art, Umfang und Zweck der Bearbeitung von Personen\u00addaten<\/h2><p>Wir bearbeiten jene Personen\u00addaten, die\u00a0<em>erforderlich<\/em>\u00a0sind, um unsere Aktivit\u00e4ten und T\u00e4tig\u00adkeiten dauerhaft, menschen\u00adfreundlich, sicher und zuverl\u00e4ssig aus\u00fcben zu k\u00f6nnen. Die bearbeiteten Personen\u00addaten k\u00f6nnen insbesondere in die Kategorien von Browser- und Ger\u00e4tedaten, Inhaltsdaten, Kommunikations\u00addaten, Metadaten, Nutzungsdaten, Stammdaten einschliesslich Bestandes- und Kontakt\u00addaten, Standortdaten, Transaktions\u00addaten, Vertrags\u00addaten und Zahlungs\u00addaten fallen.<\/p><p>Wir bearbeiten auch Personen\u00addaten, die wir von Dritten erhalten, aus \u00f6ffentlich zug\u00e4nglichen Quellen beschaffen oder bei der Aus\u00fcbung unserer Aktivit\u00e4ten und T\u00e4tigkeiten erheben, soweit eine solche Bearbeitung aus rechtlichen Gr\u00fcnden zul\u00e4ssig ist.<\/p><p>Wir bearbeiten Personen\u00addaten, soweit erforderlich, mit Einwilligung der betroffenen Personen. Wir k\u00f6nnen Personen\u00addaten in vielen F\u00e4llen ohne Einwilligung bearbeiten, beispielsweise um rechtliche Verpflichtungen zu erf\u00fcllen oder \u00fcberwiegende Interessen zu wahren. Wir k\u00f6nnen betroffene Personen auch um ihre Einwilligung ersuchen, wenn ihre Einwilligung nicht erforderlich ist.<\/p><p>Wir bearbeiten Personen\u00addaten f\u00fcr die\u00a0<em>Dauer<\/em>, die f\u00fcr den jeweiligen Zweck erforderlich ist. Wir anonymisieren bzw. l\u00f6schen Personen\u00addaten insbesondere in Abh\u00e4ngigkeit von gesetzlichen Aufbewahrungs- und Verj\u00e4hrungs\u00adfristen.<\/p><h2>\u00a0<\/h2><h2>4. Bekanntgabe von Personen\u00addaten<\/h2><p>Wir k\u00f6nnen Personen\u00addaten\u00a0<em>an Dritte bekanntgeben<\/em>, durch Dritte bearbeiten lassen oder gemeinsam mit Dritten bearbeiten. Bei solchen Dritten handelt es sich insbesondere um spezialisierte Anbieter, deren Leistungen wir in Anspruch nehmen.<\/p><p>Wir k\u00f6nnen Personen\u00addaten beispielsweise an Banken und andere Finanz\u00addienstleister, Beh\u00f6rden, Bildungs- und Forschungs\u00adeinrichtungen, Berater und Rechtsanw\u00e4lte, Interessen\u00advertretungen, IT-Dienstleister, Kooperations\u00adpartner, Kredit- und Wirtschaft\u00adsauskunfteien, Logistik- und Versand\u00adunternehmen, Marketing- und Werbe\u00adagenturen, Medien, Organisationen und Verb\u00e4nde, soziale Einrichtungen, Telekommunikations\u00adunternehmen und Versicherungen bekanntgeben.<\/p><h2>\u00a0<\/h2><h2>5. Kommunikation<\/h2><p>Wir bearbeiten Personen\u00addaten, um mit einzelnen Personen sowie mit Beh\u00f6rden, Organi\u00adsationen und Unternehmen kommuni\u00adzieren zu k\u00f6nnen. Dabei bearbeiten wir insbesondere Daten, die uns eine betroffene Person bei der Kontakt\u00adaufnahme \u00fcbermittelt, beispielsweise per Briefpost oder E-Mail. Wir k\u00f6nnen solche Daten in einem Adress\u00adbuch oder mit vergleichbaren Hilfs\u00admitteln speichern.<\/p><p>Dritte, die uns Daten \u00fcber andere Personen \u00fcbermitteln, sind verpflichtet, den Daten\u00adschutz dieser betroffenen Personen eigen\u00adst\u00e4ndig sicherzustellen. Sie m\u00fcssen insbesondere gew\u00e4hr\u00adleisten, dass solche Daten richtig sind und \u00fcber\u00admittelt werden d\u00fcrfen.<\/p><p>Wir nutzen ausgew\u00e4hlte Dienste von geeigneten Anbietern, um die Kommuni\u00adkation mit einzelnen Personen und sonstigen Kommunikations\u00adpartnern zu erm\u00f6glichen und zu verbessern. Wir k\u00f6nnen mit solchen Diensten die Daten der betroffenen Personen auch jenseits der direkten Kommuni\u00adkation verwalten und anderweitig bearbeiten.<\/p><h2>\u00a0<\/h2><h2>6. Bewerbungen<\/h2><p>Wir bearbeiten Personendaten \u00fcber Bewerberinnen und Bewerber, soweit sie f\u00fcr die Einsch\u00e4tzung der Eignung f\u00fcr ein Arbeitsverh\u00e4ltnis oder f\u00fcr die sp\u00e4tere Durchf\u00fchrung eines Arbeitsvertrages erforderlich sind. Die erforderlichen Personendaten ergeben sich insbesondere aus den abgefragten Angaben, beispielsweise im Rahmen einer Stellenausschreibung. Wir k\u00f6nnen Stellenausschreibungen mit Hilfe von geeigneten Dritten ver\u00f6ffentlichen, zum Beispiel in elektronischen und gedruckten Medien oder bei Jobportalen und Stellenplattformen.<\/p><p>Wir bearbeiten ferner jene Personendaten, die Bewerberinnen und Bewerber\u00a0<em>freiwillig<\/em>\u00a0mitteilen oder ver\u00f6ffentlichen, insbesondere als Teil von Anschreiben, Lebenslauf und sonstigen Bewerbungsunterlagen sowie von Online-Profilen.<\/p><p>Wir bearbeiten\u00a0\u2013 sofern und soweit die Daten\u00adschutz-Grund\u00adverordnung\u00a0(DSGVO) anwendbar ist\u00a0\u2013 personenbezogene Daten \u00fcber Bewerberinnen und Bewerber insbesondere gem\u00e4ss\u00a0<a href=\"https:\/\/www.datenschutzpartner.ch\/dsgvo\/dsgvo-9\/#2b\" target=\"_new\" rel=\"nofollow noopener noreferrer\">Art.\u00a09 Abs.\u00a02 lit.\u00a0b DSGVO<\/a>.<\/p><p>Wir k\u00f6nnen Bewerberinnen und Bewerbern erm\u00f6glichen, ihre Angaben in unserem\u00a0<strong>Talentpool<\/strong>\u00a0zu hinterlegen, um sie bei k\u00fcnftigen offenen Stellen ber\u00fccksichtigen zu k\u00f6nnen. Wir k\u00f6nnen solche Angaben ausserdem verwenden, um den Kontakt zu pflegen und \u00fcber Neuigkeiten zu informieren. Wenn wir davon ausgehen, dass eine Bewerberin oder ein Bewerber aufgrund der Angaben f\u00fcr eine offene Stelle in Frage kommt, k\u00f6nnen wir die Bewerberin oder den Bewerber entsprechend informieren.<\/p><h2>\u00a0<\/h2><h2>7. Daten\u00adsicherheit<\/h2><p>Wir treffen geeignete technische und organisatorische Mass\u00adnahmen, um eine dem jeweiligen Risiko angemessene Daten\u00adsicherheit zu gew\u00e4hr\u00adleisten. Mit unseren Mass\u00adnahmen gew\u00e4hr\u00adleisten wir insbesondere die Ver\u00adtraulichkeit, Ver\u00adf\u00fcgbarkeit, Nach\u00advollzieh\u00adbarkeit und Integrit\u00e4t der bearbeiteten Personen\u00addaten, ohne aber absolute Daten\u00adsicherheit gew\u00e4hrleisten zu k\u00f6nnen.<\/p><p>Der Zugriff auf unsere Website und unsere sonstige Online-Pr\u00e4senz erfolgt mittels Transport\u00adverschl\u00fcsselung (<a href=\"https:\/\/de.wikipedia.org\/wiki\/Transport_Layer_Security\" target=\"_new\" rel=\"nofollow noopener noreferrer\">SSL\u00a0\/ TLS<\/a>, insbesondere mit dem\u00a0<a href=\"https:\/\/de.wikipedia.org\/wiki\/Hypertext_Transfer_Protocol_Secure\" target=\"_new\" rel=\"nofollow noopener noreferrer\">Hypertext Transfer Protocol Secure, abgek\u00fcrzt HTTPS<\/a>). Die meisten Browser warnen vor dem Besuch von Websites ohne Transport\u00adverschl\u00fcsselung.<\/p><p>Unsere digitale Kommunikation unterliegt\u00a0\u2013 wie\u00a0<em>grunds\u00e4tzlich<\/em>\u00a0jede digitale Kommunikation\u00a0\u2013 der Massen\u00ad\u00fcberwachung ohne Anlass und Verdacht durch Sicher\u00adheitsbeh\u00f6rden in der Schweiz, im \u00fcbrigen Europa, in den Vereinigten Staaten von Amerika\u00a0(USA) und in anderen L\u00e4ndern. Wir k\u00f6nnen keinen direkten Einfluss auf die entsprechende Bearbeitung von Personen\u00addaten durch Geheim\u00addienste, Polizei\u00adstellen und andere Sicherheits\u00adbeh\u00f6rden nehmen. Wir k\u00f6nnen auch nicht ausschliessen, dass eine betroffene Person gezielt \u00fcberwacht wird.<\/p><h2>\u00a0<\/h2><h2>8. Personen\u00addaten im Ausland<\/h2><p>Wir bearbeiten Personen\u00addaten\u00a0<em>grunds\u00e4tzlich<\/em>\u00a0in der Schweiz und im Euro\u00adp\u00e4ischen Wirtschafts\u00adraum\u00a0(EWR). Wir k\u00f6nnen Personen\u00addaten aber auch in andere Staaten exportieren bzw. \u00fcbermitteln, insbesondere um sie dort zu bear\u00adbeiten oder bear\u00adbeiten zu lassen.<\/p><p>Wir k\u00f6nnen Personen\u00addaten in alle\u00a0<a href=\"https:\/\/de.wikipedia.org\/wiki\/Liste_der_Staaten_der_Erde#Liste\" target=\"_new\" rel=\"nofollow noopener noreferrer\">Staaten auf der Erde<\/a>\u00a0und anderswo im\u00a0<a href=\"https:\/\/www.datenschutzpartner.ch\/2022\/04\/23\/datenschutzerklaerung-daten-export-universum-mond\/\" target=\"_new\" rel=\"nofollow noopener noreferrer\">Universum<\/a>\u00a0exportieren, sofern das dortige Recht gem\u00e4ss\u00a0<a href=\"https:\/\/www.fedlex.admin.ch\/eli\/cc\/2022\/568\/de#annex_1\" target=\"_new\" rel=\"nofollow noopener noreferrer\">Beschluss des Schwei\u00adzerischen Bundesrates<\/a>\u00a0und\u00a0\u2013 sofern und soweit die Daten\u00adschutz-Grund\u00adverordnung\u00a0(DSGVO) anwendbar ist\u00a0\u2013 auch gem\u00e4ss\u00a0<a href=\"https:\/\/commission.europa.eu\/law\/law-topic\/data-protection\/international-dimension-data-protection\/adequacy-decisions_de\" target=\"_new\" rel=\"nofollow noopener noreferrer\">Beschluss der Euro\u00adp\u00e4ischen Kommission<\/a>\u00a0einen angemessenen Daten\u00adschutz gew\u00e4hrleistet.<\/p><p>Wir k\u00f6nnen Personen\u00addaten in Staaten, deren Recht keinen angemessenen Daten\u00adschutz gew\u00e4hr\u00adleistet, \u00fcber\u00admitteln, sofern der Daten\u00adschutz aus anderen Gr\u00fcnden gew\u00e4hrleistet ist, insbesondere auf Grund\u00adlage von Standard\u00addaten\u00adschutzklauseln oder mit anderen geeigneten Garantien. Ausnahms\u00adweise k\u00f6nnen wir Personen\u00addaten in Staaten ohne angemessenen oder geeigneten Daten\u00adschutz exportieren, wenn daf\u00fcr die besonderen daten\u00adschutz\u00adrechtlichen Voraus\u00adsetzungen erf\u00fcllt sind, beispiels\u00adweise die aus\u00addr\u00fcckliche Ein\u00adwilligung der betroffenen Personen oder ein unmittelbarer Zusammen\u00adhang mit dem Abschluss oder der Abwicklung eines Vertrages. Wir geben betroffenen Personen auf Nachfrage gerne Aus\u00adkunft \u00fcber all\u00adf\u00e4llige Garantien oder liefern eine Kopie all\u00adf\u00e4lliger Garantien.<\/p><h2>\u00a0<\/h2><h2>9. Rechte von betroffenen Personen<\/h2><h5>9.1 Daten\u00adschutz\u00adrechtliche Anspr\u00fcche<\/h5><p>Wir gew\u00e4hren betroffenen Personen s\u00e4mt\u00adliche Anspr\u00fcche gem\u00e4ss dem anwendbaren Daten\u00adschutz\u00adrecht. Betroffene Personen verf\u00fcgen insbesondere \u00fcber folgende Rechte:<\/p><ul><li><strong>Auskunft:<\/strong>\u00a0Betroffene Personen k\u00f6nnen Auskunft verlangen, ob wir Personen\u00addaten \u00fcber sie bearbeiten, und falls ja, um welche Personen\u00addaten es sich handelt. Betroffene Personen erhalten ferner jene Infor\u00admationen, die erforder\u00adlich sind, um ihre daten\u00adschutz\u00adrechtlichen Anspr\u00fcche geltend zu machen und Trans\u00adparenz zu gew\u00e4hr\u00adleisten. Dazu z\u00e4hlen die bearbeiteten Personen\u00addaten als solche, aber unter anderem auch Angaben zum Bearbeitungs\u00adzweck, zur Dauer der Auf\u00adbewahrung, zu einer all\u00adf\u00e4lligen Bekannt\u00adgabe bzw. einem all\u00adf\u00e4lligen Export von Daten in andere Staaten und zur Herkunft der Personen\u00addaten.<\/li><li><strong>Berichtigung und Einschr\u00e4nkung:<\/strong>\u00a0Betroffene Personen k\u00f6nnen unrichtige Personen\u00addaten berichtigen, unvoll\u00adst\u00e4ndige Daten vervoll\u00adst\u00e4ndigen und die Bear\u00adbeitung ihrer Daten ein\u00adschr\u00e4nken lassen.<\/li><li><strong>L\u00f6schung und Widerspruch:<\/strong>\u00a0Betroffene Personen k\u00f6nnen Personen\u00addaten l\u00f6schen lassen (\u00abRecht auf Ver\u00adgessen\u00bb) und der Bear\u00adbeitung ihrer Daten mit Wirkung f\u00fcr die Zukunft wider\u00adsprechen.<\/li><li><strong>Datenherausgabe und Daten\u00fcbertragung:<\/strong>\u00a0Betroffene Personen k\u00f6nnen die Heraus\u00adgabe von Personen\u00addaten oder die \u00dcbe\u00adrtragung ihrer Daten an einen anderen Verant\u00adwortlichen verlangen.<\/li><\/ul><p>Wir k\u00f6nnen die Aus\u00fcbung der Rechte von betroffenen Personen im recht\u00adlich zu\u00adl\u00e4ssigen Rahmen auf\u00adschieben, ein\u00adschr\u00e4nken oder ver\u00adweigern. Wir k\u00f6nnen betroffene Personen auf allen\u00adfalls zu erf\u00fcllende Voraus\u00adsetzungen f\u00fcr die Aus\u00fcbung ihrer daten\u00adschutz\u00adrechtlichen Anspr\u00fcche hinweisen. Wir k\u00f6nnen beispiels\u00adweise die Aus\u00adkunft mit Ver\u00adweis auf Geheim\u00adhaltungs\u00adpflichten, \u00fcberwiegende Inter\u00adessen oder den Schutz anderer Personen ganz oder teil\u00adweise verweigern. Wir k\u00f6nnen beispielsweise auch die L\u00f6schung von Personen\u00addaten, ins\u00adbesondere mit Verweis auf gesetz\u00adliche Auf\u00adbewahrungs\u00adpflichten, ganz oder teil\u00adweise verweigern.<\/p><p>Wir k\u00f6nnen f\u00fcr die Aus\u00ad\u00fcbung der Rechte\u00a0<em>ausnahms\u00adweise<\/em>\u00a0Kosten vor\u00adsehen. Wir infor\u00admieren be\u00adtroffene Per\u00adsonen vorg\u00e4ngig \u00fcber all\u00adf\u00e4llige Kosten.<\/p><p>Wir sind ver\u00adpflichtet, betroffene Personen, die Auskunft ver\u00adlangen oder andere Rechte geltend machen, mit angemessenen Mass\u00adnahmen zu identi\u00adfizieren. Betroffene Personen sind zur Mit\u00adwirkung verpflichtet.<\/p><h5>9.2 Rechtsschutz<\/h5><p>Betroffene Personen haben das Recht, ihre daten\u00adschutz\u00adrechtlichen Anspr\u00fcche auf dem Recht\u00adsweg durch\u00adzusetzen oder Anzeige bzw. Beschwerde bei einer Daten\u00adschutz-Auf\u00adsichts\u00adbeh\u00f6rde zu erheben.<\/p><p>Daten\u00adschutz-Aufsichts\u00adbeh\u00f6rde f\u00fcr private Verantwortliche und Bundes\u00adorgane in der Schweiz ist der\u00a0<a href=\"https:\/\/www.edoeb.admin.ch\/\" target=\"_new\" rel=\"nofollow noopener noreferrer\">Eid\u00adgen\u00f6ssische Daten\u00adschutz- und \u00d6ffentlich\u00adkeits\u00adbeauftragte\u00a0(ED\u00d6B)<\/a>.<\/p><p>Europ\u00e4ische Daten\u00adschutz-Aufsichts\u00adbeh\u00f6rden sind als\u00a0<a href=\"https:\/\/edpb.europa.eu\/about-edpb\/about-edpb\/members_de\" target=\"_new\" rel=\"nofollow noopener noreferrer\">Mit\u00adglieder im Euro\u00adp\u00e4ischen Daten\u00adschutz\u00adausschuss<\/a>\u00a0(EDSA) organisiert. In einigen Mitglied\u00adstaaten im Euro\u00adp\u00e4ischen Wirtschafts\u00adraum\u00a0(EWR) sind die Daten\u00adschutz-Auf\u00adsichts\u00adbeh\u00f6rden f\u00f6deral strukturiert,\u00a0<a href=\"https:\/\/www.bfdi.bund.de\/DE\/Service\/Anschriften\/Laender\/Laender-node.html\" target=\"_new\" rel=\"nofollow noopener noreferrer\">insbesondere in Deutsch\u00adland<\/a>.<\/p><h2>\u00a0<\/h2><h2>10. Nutzung der Website<\/h2><h5>10.1 Cookies<\/h5><p>Wir k\u00f6nnen Cookies verwenden. Bei Cookies\u00a0\u2013 eigenen Cookies (First-Party-Cookies) als auch Cookies von Dritten, deren Dienste wir nutzen (Third-Party-Cookies)\u00a0\u2013 handelt es sich um Daten, die im Browser gespeichert werden. Solche gespeicherten Daten m\u00fcssen nicht auf traditionelle Cookies in Textform beschr\u00e4nkt sein.<\/p><p>Cookies k\u00f6nnen im Browser tempor\u00e4r als \u00abSession Cookies\u00bb oder f\u00fcr einen bestimmten Zeitraum als sogenannte permanente Cookies gespeichert werden. \u00abSession Cookies\u00bb werden automatisch gel\u00f6scht, wenn der Browser geschlossen wird. Permanente Cookies haben eine bestimmte Speicherdauer. Cookies erm\u00f6glichen insbesondere, einen Browser beim n\u00e4chsten Besuch unserer Website wiederzuerkennen und dadurch beispielsweise die Reichweite unserer Website zu messen. Permanente Cookies k\u00f6nnen aber beispielsweise auch f\u00fcr Online-Marketing verwendet werden.<\/p><p>Cookies k\u00f6nnen in den Browser-Einstellungen jederzeit ganz oder teilweise deaktiviert sowie gel\u00f6scht werden. Ohne Cookies steht unsere Website allenfalls nicht mehr in vollem Umfang zur Verf\u00fcgung. Wir ersuchen\u00a0\u2013 mindestens sofern und soweit erforderlich\u00a0\u2013 aktiv um die ausdr\u00fcckliche Einwilligung in die Verwendung von Cookies.<\/p><p>Bei Cookies, die f\u00fcr die Erfolgs- und Reichweitenmessung oder f\u00fcr Werbung verwendet werden, ist f\u00fcr zahlreiche Dienste ein allgemeiner Widerspruch (\u00abOpt-out\u00bb) \u00fcber die\u00a0<a href=\"https:\/\/youradchoices.ca\/\" target=\"_new\" rel=\"nofollow noopener noreferrer\">AdChoices<\/a>\u00a0(Digital Advertising Alliance of Canada), die\u00a0<a href=\"https:\/\/optout.networkadvertising.org\/\" target=\"_new\" rel=\"nofollow noopener noreferrer\">Network Advertising Initiative<\/a>\u00a0(NAI),\u00a0<a href=\"https:\/\/optout.aboutads.info\/\" target=\"_new\" rel=\"nofollow noopener noreferrer\">YourAdChoices<\/a>\u00a0(Digital Advertising Alliance) oder\u00a0<a href=\"https:\/\/www.youronlinechoices.com\/\" target=\"_new\" rel=\"nofollow noopener noreferrer\">Your Online Choices<\/a>\u00a0(European Interactive Digital Advertising Alliance, EDAA) m\u00f6glich.<\/p><p>Zur Verwaltung der eingesetzten Cookies und \u00e4hnlichen Technologien (Tracking-Pixel, Web-Beacons etc.) und diesbez\u00fcglicher Einwilligungen setzen wir das Consent Tool &#171;Real Cookie Banner&#187; ein. Details zur Funktionsweise von &#171;Real Cookie Banner&#187; finden Sie unter https:\/\/devowl.io\/rcb\/data-processing\/.<\/p><p>Rechtsgrundlagen f\u00fcr die Verarbeitung von personenbezogenen Daten in diesem Zusammenhang sind Art. 6 Abs. 1 lit. c DS-GVO und Art. 6 Abs. 1 lit. f DS-GVO. Unser berechtigtes Interesse ist die Verwaltung der eingesetzten Cookies und \u00e4hnlichen Technologien und der diesbez\u00fcglichen Einwilligungen.<\/p><p>Die Bereitstellung der personenbezogenen Daten ist weder vertraglich vorgeschrieben noch f\u00fcr den Abschluss eines Vertrages notwendig. Sie sind nicht verpflichtet die personenbezogenen Daten bereitzustellen. Wenn Sie die personenbezogenen Daten nicht bereitstellen, k\u00f6nnen wir Ihre Einwilligungen nicht verwalten.<\/p><h5>10.2 Protokollierung<\/h5><p>Wir k\u00f6nnen f\u00fcr jeden Zugriff auf unsere Website und unsere sonstige Online-Pr\u00e4senz mindestens nachfolgende Angaben protokollieren, sofern diese bei solchen Zugriffen an unsere digitale Infrastruktur \u00fcbermittelt werden: Datum und Zeit einschliesslich Zeitzone,\u00a0<a href=\"https:\/\/de.wikipedia.org\/wiki\/IP-Adresse\" target=\"_new\" rel=\"nofollow noopener noreferrer\">IP-Adresse<\/a>, Zugriffsstatus (HTTP-Statuscode), Betriebs\u00adsystem einschliesslich Benutzer\u00adoberfl\u00e4che und Version, Browser einschliesslich Sprache und Version, aufgerufene einzelne Unter-Seite unserer Website einschliesslich \u00fcbertragener Daten\u00admenge, zuletzt im gleichen Browser-Fenster aufgerufene Webseite (Referer bzw. Referrer).<\/p><p>Wir protokollieren solche Angaben, die auch Personendaten darstellen k\u00f6nnen, in Log\u00addateien. Die Angaben sind erforderlich, um unsere Online-Pr\u00e4senz dauerhaft, menschen\u00adfreundlich und zuverl\u00e4ssig bereitstellen zu k\u00f6nnen. Die Angaben sind ferner erforderlich, um die Datensicherheit gew\u00e4hrleisten zu k\u00f6nnen\u00a0\u2013 auch durch Dritte oder mit Hilfe von Dritten.<\/p><h5>10.3 Z\u00e4hlpixel<\/h5><p>Wir k\u00f6nnen Z\u00e4hlpixel in unsere Online-Pr\u00e4senz einbinden. Z\u00e4hlpixel werden auch als Web-Beacons bezeichnet. Bei Z\u00e4hlpixeln\u00a0\u2013 auch von Dritten, deren Dienste wir nutzen\u00a0\u2013 handelt es sich \u00fcblicherweise um kleine, nicht sichtbare Bilder oder in JavaScript formulierte Skripte, die beim Zugriff auf unsere Online-Pr\u00e4senz automatisch abgerufen werden. Mit Z\u00e4hlpixeln k\u00f6nnen mindestens die gleichen Angaben wie in Log\u00addateien erfasst werden.<\/p><h2>\u00a0<\/h2><h2>11. Benach\u00adrichti\u00adgungen und Mit\u00adteilungen<\/h2><h5>11.1 Erfolgs- und Reichweiten\u00admessung<\/h5><p>Benachrichtigungen und Mitteilungen k\u00f6nnen Weblinks oder Z\u00e4hlpixel enthalten, die erfassen, ob eine einzelne Mitteilung ge\u00f6ffnet wurde und welche Weblinks dabei angeklickt wurden. Solche Weblinks und Z\u00e4hlpixel k\u00f6nnen die Nutzung von Benachrichtigungen und Mitteilungen auch personenbezogen erfassen. Wir ben\u00f6tigen diese statistische Erfassung der Nutzung f\u00fcr die Erfolgs- und Reichweitenmessung, um Benachrichtigungen und Mitteilungen aufgrund der Bed\u00fcrfnisse und Lesegewohnheiten der Empf\u00e4ngerinnen und Empf\u00e4nger effektiv und menschen\u00adfreundlich sowie dauerhaft, sicher und zuverl\u00e4ssig versenden zu k\u00f6nnen.<\/p><h5>11.2 Einwilligung und Wider\u00adspruch<\/h5><p>Sie m\u00fcssen\u00a0<em>grunds\u00e4tzlich<\/em>\u00a0in die Verwendung Ihrer E-Mail-Adresse und Ihrer sonstigen Kontaktadressen einwilligen, es sei denn, die Verwendung ist aus anderen rechtlichen Gr\u00fcnden zul\u00e4ssig. F\u00fcr das allf\u00e4llige Einholen einer doppelt best\u00e4tigten Einwilligung k\u00f6nnen wir das \u00abDouble Opt-in\u00bb-Verfahren verwenden. Sie erhalten in diesem Fall eine Mitteilung mit Anweisungen f\u00fcr die doppelte Best\u00e4tigung. Wir k\u00f6nnen eingeholte Einwilligungen einschliesslich\u00a0<a href=\"https:\/\/de.wikipedia.org\/wiki\/IP-Adresse\" target=\"_new\" rel=\"nofollow noopener noreferrer\">IP-Adresse<\/a>\u00a0und\u00a0<a href=\"https:\/\/de.wikipedia.org\/wiki\/Zeitstempel\" target=\"_new\" rel=\"nofollow noopener noreferrer\">Zeitstempel<\/a>\u00a0aus Beweis- und Sicherheitsgr\u00fcnden protokollieren.<\/p><p>Sie k\u00f6nnen\u00a0<em>grunds\u00e4tzlich<\/em>\u00a0dem Erhalt von Benachrichtigungen und Mitteilungen wie beispielsweise Newslettern jederzeit widersprechen. Mit einem solchen Widerspruch k\u00f6nnen Sie gleichzeitig der statistischen Erfassung der Nutzung f\u00fcr die Erfolgs- und Reichweitenmessung widersprechen. Vorbehalten bleiben erforderliche Benachrichtigungen und Mitteilungen im Zusammenhang mit unseren Aktivit\u00e4ten und T\u00e4tigkeiten.<\/p><h5>11.3 Dienst\u00adleister f\u00fcr Benach\u00adrichti\u00adgungen und Mit\u00adteilungen<\/h5><p>Wir versenden Benach\u00adrichti\u00adgungen und Mit\u00adteilungen mit Hilfe von spezialisierten Dienst\u00adleistern.<\/p><p>Wir nutzen insbesondere:<\/p><ul><li><strong><a href=\"https:\/\/mailchimp.com\/de\/\" target=\"_new\" rel=\"nofollow noopener noreferrer\">Mailchimp:<\/a><\/strong>\u00a0Kommunikations\u00adplattform; Anbieterin: The Rocket Science Group\u00a0LLC DBA\u00a0Mailchimp (USA) als\u00a0<a href=\"https:\/\/www.intuit.com\/legal\/intuit-group-companies\/\" target=\"_new\" rel=\"nofollow noopener noreferrer\">Tochter\u00adgesellschaft<\/a>\u00a0der Intuit\u00a0Inc. (USA); Angaben zum Daten\u00adschutz:\u00a0<a href=\"https:\/\/www.intuit.com\/privacy\/statement\/\" target=\"_new\" rel=\"nofollow noopener noreferrer\">Daten\u00adschutz\u00aderkl\u00e4rung (Intuit)<\/a>\u00a0ein\u00adschliess\u00adlich \u00abL\u00e4nder- und Regionen-spezifische Bestimmungen\u00bb (\u00abCountry and Region-Specific Terms\u00bb),\u00a0<a href=\"https:\/\/mailchimp.com\/help\/mailchimp-intuit-privacy-faq\/\" target=\"_new\" rel=\"nofollow noopener noreferrer\">\u00abH\u00e4ufig gestellte Fragen zum Daten\u00adschutz bei Mailchimp\u00bb (\u00abMailchimp Privacy FAQs\u00bb)<\/a>,\u00a0<a href=\"https:\/\/mailchimp.com\/help\/mailchimp-european-data-transfers\/\" target=\"_new\" rel=\"nofollow noopener noreferrer\">\u00abMailchimp und europ\u00e4ische Daten\u00ad\u00fcbertragungen\u00bb (\u00abMailchimp and European Data Transfers\u00bb)<\/a>,\u00a0<a href=\"https:\/\/mailchimp.com\/de\/about\/security\/\" target=\"_new\" rel=\"nofollow noopener noreferrer\">\u00abSicher\u00adheit\u00bb<\/a>,\u00a0<a href=\"https:\/\/mailchimp.com\/de\/legal\/cookies\/\" target=\"_new\" rel=\"nofollow noopener noreferrer\">Cookie-Richt\u00adlinie<\/a>,\u00a0<a href=\"https:\/\/mailchimp.com\/de\/about\/privacy-rights\/\" target=\"_new\" rel=\"nofollow noopener noreferrer\">\u00abAnfragen zu Daten\u00adschutz\u00adrechten\u00bb<\/a>,\u00a0<a href=\"https:\/\/mailchimp.com\/de\/legal\/\" target=\"_new\" rel=\"nofollow noopener noreferrer\">\u00abRecht\u00adliche Bestimmungen\u00bb<\/a>.<\/li><li><a href=\"https:\/\/www.microsoft.com\" target=\"_blank\" rel=\"noopener\"><strong>Microsoft 365:<\/strong><\/a> Kollaborationsplattform, Produktivit\u00e4ts-Apps, E-Mail, Terminplanung, Videobesprechungen, Chat und Unternehmenssicherheit zur Kommunikation mit unsere Kundschaft; Anbieterin: Microsoft Corporation<br \/>One Microsoft Way Redmond, WA 98052-6399 USA; Angaben zum Datenschutz: <a href=\"https:\/\/www.microsoft.com\/de-de\/privacy\/privacystatement\" target=\"_blank\" rel=\"noopener\">politica sulla riservatezza<\/a><\/li><\/ul><h2>\u00a0<\/h2><h2>12. Social Media<\/h2><p>Wir sind auf Social Media-Plattformen und anderen Online-Plattformen pr\u00e4sent, um mit interessierten Personen kommunizieren sowie \u00fcber unsere Aktivit\u00e4ten und T\u00e4tigkeiten informieren zu k\u00f6nnen. Im Zusammenhang mit solchen Plattformen k\u00f6nnen Personendaten auch ausserhalb der Schweiz und des Europ\u00e4ischen Wirtschaftsraumes (EWR) bearbeitet werden.<\/p><p>Es gelten jeweils auch die Allgemeinen Gesch\u00e4ftsbedingungen (AGB) und Nutzungsbedingungen sowie Datenschutzerkl\u00e4rungen und sonstigen Bestimmungen der einzelnen Betreiber solcher Plattformen. Diese Bestimmungen informieren insbesondere \u00fcber die Rechte von betroffenen Personen direkt gegen\u00fcber der jeweiligen Plattform, wozu beispielsweise das Recht auf Auskunft z\u00e4hlt.<\/p><p>F\u00fcr unsere\u00a0<strong>Social Media-Pr\u00e4senz bei Facebook<\/strong>\u00a0unter Einschluss der sogenannten Seiten-Insights sind wir\u00a0\u2013 sofern und soweit die Datenschutz-Grundverordnung (DSGVO) anwendbar ist\u00a0\u2013 gemeinsam mit der Meta Platforms Ireland Limited (Irland) verantwortlich. Die Meta Platforms Ireland Limited ist Teil der\u00a0<a href=\"https:\/\/www.facebook.com\/help\/111814505650678\" target=\"_new\" rel=\"nofollow noopener noreferrer\">Meta-Unternehmen<\/a>\u00a0(unter anderem in den USA). Die Seiten-Insights geben Aufschluss dar\u00fcber, wie Besucherinnen und Besucher mit unserer Facebook-Pr\u00e4senz interagieren. Wir verwenden Seiten-Insights, um unsere Social Media-Pr\u00e4senz bei Facebook effektiv und menschen\u00adfreundlich bereitstellen zu k\u00f6nnen.<\/p><p>Weitere Angaben \u00fcber Art, Umfang und Zweck der Datenbearbeitung, Angaben zu den Rechten von betroffenen Personen sowie die Kontaktdaten von Facebook wie auch dem Datenschutzbeauftragten von Facebook finden sich in der\u00a0<a href=\"https:\/\/www.facebook.com\/about\/privacy\" target=\"_new\" rel=\"nofollow noopener noreferrer\">Datenschutzerkl\u00e4rung von Facebook<\/a>. Wir haben mit Facebook den sogenannten\u00a0<a href=\"https:\/\/www.facebook.com\/legal\/controller_addendum\" target=\"_new\" rel=\"nofollow noopener noreferrer\">\u00abZusatz f\u00fcr Verantwortliche\u00bb<\/a>\u00a0abgeschlossen und damit insbesondere vereinbart, dass Facebook daf\u00fcr verantwortlich ist, die Rechte betroffener Personen zu gew\u00e4hrleisten. F\u00fcr die sogenannten Seiten-Insights finden sich die entsprechenden Angaben auf der Seite\u00a0<a href=\"https:\/\/www.facebook.com\/legal\/terms\/page_controller_addendum\" target=\"_new\" rel=\"nofollow noopener noreferrer\">\u00abInformationen zu Seiten-Insights\u00bb<\/a>\u00a0einschliesslich\u00a0<a href=\"https:\/\/www.facebook.com\/legal\/terms\/information_about_page_insights_data\" target=\"_new\" rel=\"nofollow noopener noreferrer\">\u00abInformationen zu Seiten-Insights-Daten\u00bb<\/a>.<\/p><p>Weiter nutzen wir insbesondere:<\/p><ul><li><strong><a href=\"https:\/\/www.tripadvisor.com\" target=\"_blank\" rel=\"noopener\">Italiano<\/a>:<\/strong> Die Plattform Tripadvisor dient unseren G\u00e4sten unsere Dienstleistung zu bewerten. Anbieterin: Tripadvisor Inc., 400 1st Avenue, Needham, MA 02494 USA; Angaben zum Datenschutz: <a href=\"https:\/\/tripadvisor.mediaroom.com\/chde-privacy-policy\" target=\"_blank\" rel=\"noopener\">politica sulla riservatezza<\/a><\/li><\/ul><h2>\u00a0<\/h2><h2>13. Dienste von Dritten<\/h2><p>Wir nutzen Dienste von spezialisierten Dritten, um unsere Aktivit\u00e4ten und T\u00e4tigkeiten dauerhaft, menschen\u00adfreundlich, sicher und zuverl\u00e4ssig aus\u00fcben zu k\u00f6nnen. Mit solchen Diensten k\u00f6nnen wir unter anderem Funktionen und Inhalte in unsere Website einbetten. Bei einer solchen Einbettung erfassen die genutzten Dienste aus technisch zwingenden Gr\u00fcnden mindestens zeitweilig die\u00a0<a href=\"https:\/\/de.wikipedia.org\/wiki\/IP-Adresse\" target=\"_new\" rel=\"nofollow noopener noreferrer\">IP-Adressen<\/a>\u00a0der Nutzerinnen und Nutzer.<\/p><p>F\u00fcr erforderliche sicherheitsrelevante, statistische und technische Zwecke k\u00f6nnen Dritte, deren Dienste wir nutzen, Daten im Zusammenhang mit unseren Aktivit\u00e4ten und T\u00e4tigkeiten aggregiert, anonymisiert oder pseudonymisiert bearbeiten. Es handelt sich beispielsweise um Leistungs- oder Nutzungsdaten, um den jeweiligen Dienst anbieten zu k\u00f6nnen.<\/p><p>Wir nutzen insbesondere:<\/p><ul><li><strong><a href=\"https:\/\/about.google\/products\/?hl=de\" target=\"_new\" rel=\"nofollow noopener noreferrer\">Dienste von Google:<\/a><\/strong>\u00a0Anbieter\u00adinnen: Google\u00a0LLC (USA)\u00a0\/ Google Ireland Limited (Irland) teilweise f\u00fcr Nutzerinnen und Nutzer im Euro\u00adp\u00e4ischen Wirtschafts\u00adraum\u00a0(EWR) und in der Schweiz; Allgemeine Angaben zum Daten\u00adschutz:\u00a0<a href=\"https:\/\/safety.google\/intl\/de\/principles\/\" target=\"_new\" rel=\"nofollow noopener noreferrer\">\u00abGrund\u00ads\u00e4tze zu Daten\u00adschutz und Sicher\u00adheit\u00bb<\/a>,\u00a0<a href=\"https:\/\/business.safety.google\/privacy\/?hl=de\" target=\"_new\" rel=\"nofollow noopener noreferrer\">\u00abMehr Informationen dazu, wie Google personen\u00adbezogene Daten verwendet\u00bb<\/a>,\u00a0<a href=\"https:\/\/policies.google.com\/privacy?hl=de\" target=\"_new\" rel=\"nofollow noopener noreferrer\">Daten\u00adschutz\u00aderkl\u00e4rung<\/a>,\u00a0<a href=\"https:\/\/business.safety.google\/intl\/de\/compliance\/\" target=\"_new\" rel=\"nofollow noopener noreferrer\">\u00abGoogle ist der Einhaltung der anwendbaren Daten\u00adschutz\u00adgesetze verpflichtet\u00bb<\/a>,\u00a0<a href=\"https:\/\/policies.google.com\/technologies\/product-privacy?hl=de\" target=\"_new\" rel=\"nofollow noopener noreferrer\">\u00abLeit\u00adfaden zum Daten\u00adschutz in Google-Produkten\u00bb<\/a>,\u00a0<a href=\"https:\/\/policies.google.com\/technologies\/partner-sites?hl=de\" target=\"_new\" rel=\"nofollow noopener noreferrer\">\u00abWie wir Daten von Websites oder Apps verwenden, auf bzw. in denen unsere Dienste genutzt werden\u00bb<\/a>,\u00a0<a href=\"https:\/\/policies.google.com\/technologies\/cookies?hl=de\" target=\"_new\" rel=\"nofollow noopener noreferrer\">\u00abArten von Cookies und \u00e4hnliche Tech\u00adnologien, die Google verwendet\u00bb<\/a>,\u00a0<a href=\"https:\/\/myadcenter.google.com\/?hl=de\" target=\"_new\" rel=\"nofollow noopener noreferrer\">\u00abWerbung, auf die du Einfluss hast\u00bb (\u00abPersonalisierte Werbung\u00bb)<\/a>.<\/li><\/ul><h5>13.1 Digitale Infrastruktur<\/h5><p>Wir nutzen Dienste von spezialisierten Dritten, um ben\u00f6tigte digitale Infrastruktur im Zusammenhang mit unseren Aktivit\u00e4ten und T\u00e4tigkeiten in Anspruch nehmen zu k\u00f6nnen. Dazu z\u00e4hlen beispielsweise Hosting- und Speicherdienste von ausgew\u00e4hlten Anbietern.<\/p><p>Wir nutzen insbesondere:<\/p><ul><li><strong><a href=\"https:\/\/www.cyon.ch\/\" target=\"_new\" rel=\"nofollow noopener noreferrer\">Cyon:<\/a><\/strong>\u00a0Hosting; Anbieterin: cyon\u00a0GmbH (Schweiz); Angaben zum Datenschutz:\u00a0<a href=\"https:\/\/www.cyon.ch\/ueber-cyon\/datenschutz\" target=\"_new\" rel=\"nofollow noopener noreferrer\">\u00abDatenschutz\u00bb<\/a>,\u00a0<a href=\"https:\/\/www.cyon.ch\/legal\/datenschutzerklaerung\" target=\"_new\" rel=\"nofollow noopener noreferrer\">politica sulla riservatezza<\/a>.<\/li><li><strong><a href=\"https:\/\/wordpress.com\/\" target=\"_new\" rel=\"nofollow noopener noreferrer\">WordPress.com:<\/a><\/strong>\u00a0Blog-Hosting und Website-Baukasten; Anbieter\u00adinnen: Automattic\u00a0Inc. (USA)\u00a0\/ Aut\u00a0O\u2019Mattic A8C Ireland\u00a0Ltd. (Irland) f\u00fcr Nutzerinnen und Nutzer unter anderem in Europa; Angaben zum Daten\u00adschutz:\u00a0<a href=\"https:\/\/automattic.com\/privacy\/\" target=\"_new\" rel=\"nofollow noopener noreferrer\">Daten\u00adschutz\u00aderkl\u00e4rung<\/a>,\u00a0<a href=\"https:\/\/automattic.com\/cookies\/\" target=\"_new\" rel=\"nofollow noopener noreferrer\">Cookie-Richt\u00adlinie<\/a>.<\/li><\/ul><h5>13.2 Kartenmaterial<\/h5><p>Wir nutzen Dienste von Dritten, um Karten in unsere Website einbetten zu k\u00f6nnen.<\/p><p>Wir nutzen insbesondere:<\/p><ul><li><strong><a href=\"https:\/\/www.google.com\/maps\" target=\"_new\" rel=\"nofollow noopener noreferrer\">Google Maps<\/a><\/strong>\u00a0einschliesslich\u00a0<strong><a href=\"https:\/\/mapsplatform.google.com\/\" target=\"_new\" rel=\"nofollow noopener noreferrer\">Google Maps Platform:<\/a><\/strong>\u00a0Kartendienst; Anbieterin: Google; Google Maps-spezifische Angaben:\u00a0<a href=\"https:\/\/policies.google.com\/technologies\/location-data?hl=de\" target=\"_new\" rel=\"nofollow noopener noreferrer\">\u00abWie Google Standortinformationen verwendet\u00bb<\/a>.<\/li><\/ul><h5>13.3 Schriftarten<\/h5><p>Wir nutzen Dienste von Dritten, um ausgew\u00e4hlte Schriftarten sowie Icons, Logos und Symbole in unsere Website einbetten zu k\u00f6nnen.<\/p><p>Wir nutzen insbesondere:<\/p><ul><li><strong><a href=\"https:\/\/fonts.google.com\" target=\"_new\" rel=\"nofollow noopener noreferrer\">Google Fonts:<\/a><\/strong>\u00a0Schrift\u00adarten; Anbieterin: Google; Google Fonts-spezifische Angaben:\u00a0<a href=\"https:\/\/fonts.googleblog.com\/2022\/11\/your-privacy-and-google-fonts.html\" target=\"_new\" rel=\"nofollow noopener noreferrer\">\u00abIhre Privat\u00adsph\u00e4re und Google Fonts\u00bb (\u00abYour Privacy and Google Fonts\u00bb)<\/a>,\u00a0<a href=\"https:\/\/developers.google.com\/fonts\/faq\/privacy?hl=de\" target=\"_new\" rel=\"nofollow noopener noreferrer\">\u00abDaten\u00adschutz und Daten\u00aderfassung\u00bb (Google Fonts)<\/a>.<\/li><\/ul><h5>13.4 E-Commerce<\/h5><p>Wir betreiben E-Commerce und nutzen Dienste von Dritten, um Dienstleistungen, Inhalte oder Waren erfolgreich anbieten zu k\u00f6nnen.<\/p><ul style=\"background-color: #ffffff; font-size: 15px;\"><li style=\"font-size: 15px;\"><span style=\"font-weight: bolder;\"><a style=\"color: #878787;\" href=\"https:\/\/www.resmio.com\" target=\"_blank\" rel=\"nofollow noopener noreferrer\">resmio:<\/a><\/span> Reservierungstool. Eingebunden auf der Webseite erlaubt das Reservierungstool G\u00e4sten Verf\u00fcgbarkeiten zu \u00fcberpr\u00fcfen und online zu reservieren. Alle Tischreservierungen laufen direkt in ein digitales Reservierungsbuch; Anbieterin: resmio GmbH, Hauptstandort: Katzwanger Stra\u00dfe 150, 90461 N\u00fcrnberg, Zweigstelle: Gneisenaustra\u00dfe 66-67, 10961 Berlin; Angaben zum Datenschutz: <a href=\"https:\/\/www.resmio.com\/datenschutzerklaerung\/\" target=\"_blank\" rel=\"noopener\">politica sulla riservatezza<\/a>.<\/li><\/ul><h5>13.5 Zahlungen<\/h5><p>Wir nutzen spezialisierte Dienst\u00adleister, um Zahlungen sicher und zuverl\u00e4ssig abwickeln zu k\u00f6nnen. F\u00fcr die Abwicklung von Zahlungen gelten erg\u00e4nzend die Rechts\u00adtexte der einzelnen Dienst\u00adleister, beispielsweise Allgemeine Gesch\u00e4fts\u00adbedingungen\u00a0(AGB) oder Datenschutz\u00aderkl\u00e4rungen.<\/p><p>Wir nutzen insbesondere:<\/p><ul><li><strong><a href=\"https:\/\/www.twint.ch\/\" target=\"_new\" rel=\"nofollow noopener noreferrer\">TWINT:<\/a><\/strong>\u00a0Abwicklung von Zahlungen in der Schweiz; Anbieterin: TWINT\u00a0AG (Schweiz); Angaben zum Datenschutz:\u00a0<a href=\"https:\/\/www.twint.ch\/datenschutz\/\" target=\"_new\" rel=\"nofollow noopener noreferrer\">politica sulla riservatezza<\/a>,\u00a0<a href=\"https:\/\/www.twint.ch\/privatkunden\/support\/sicherheit\/\" target=\"_new\" rel=\"nofollow noopener noreferrer\">\u00abSicherheit nach Schweizer Standards\u00bb<\/a>.<\/li><li><strong><a href=\"https:\/\/worldline.com\/de-ch\/home\" target=\"_new\" rel=\"nofollow noopener noreferrer\">Worldline:<\/a><\/strong>\u00a0Abwicklung von Zahlungen, insbesondere mit mobilen Zahlungs\u00adl\u00f6sungen; Anbieterinnen: World\u00adline\u00a0SA (Frankreich), World\u00adline Schweiz\u00a0AG (Schweiz) und weitere World\u00adline-Gesell\u00adschaften in aller Welt (unter anderem in den USA); Angaben zum Daten\u00adschutz:\u00a0<a href=\"https:\/\/worldline.com\/de-ch\/compliancy\/privacy\" target=\"_new\" rel=\"nofollow noopener noreferrer\">Daten\u00adschutz\u00aderkl\u00e4rung<\/a>,\u00a0<a href=\"https:\/\/worldline.com\/de-ch\/compliancy\/responsible-disclosure-program\" target=\"_new\" rel=\"nofollow noopener noreferrer\">\u00abProgramm zum verantwortungs\u00advollen Umgang mit Daten\u00bb<\/a>,\u00a0<a href=\"https:\/\/worldline.com\/de-ch\/compliancy\/cookie-notice\" target=\"_new\" rel=\"nofollow noopener noreferrer\">Cookie-Richt\u00adlinie<\/a>.<\/li><\/ul><h2>\u00a0<\/h2><h2>14. Erfolgs- und Reichweiten\u00admessung<\/h2><p>Wir versuchen, den Erfolg und die Reich\u00adweite unserer Aktivit\u00e4ten und T\u00e4tig\u00adkeiten zu messen. In diesem Rahmen k\u00f6nnen wir auch die Wirkung von Hinweisen Dritter messen oder pr\u00fcfen, wie unter\u00adschiedliche Teile oder Versionen unseres Online-Angebots genutzt werden (\u00abA\/B-Test\u00bb-Methode). Wir k\u00f6nnen aufgrund der Ergebnisse der Erfolgs- und Reichweiten\u00admessung insbesondere Fehler beheben, beliebte Inhalte st\u00e4rken oder Verbesserungen vornehmen.<\/p><p>F\u00fcr die Erfolgs- und Reichweiten\u00admessung werden in den meisten F\u00e4llen die\u00a0<a href=\"https:\/\/de.wikipedia.org\/wiki\/IP-Adresse\" target=\"_new\" rel=\"nofollow noopener noreferrer\">IP-Adressen<\/a>\u00a0von einzelnen Nutzerinnen und Nutzern erfasst. IP-Adressen werden in diesem Fall\u00a0<em>grunds\u00e4tzlich<\/em>\u00a0gek\u00fcrzt (\u00abIP-Masking\u00bb), um durch die entsprechende Pseudo\u00adnymisierung dem Grundsatz der Daten\u00adsparsamkeit zu folgen.<\/p><p>Bei der Erfolgs- und Reichweiten\u00admessung k\u00f6nnen Cookies zum Einsatz kommen und Nutzer\u00adprofile erstellt werden. Allenfalls erstellte Nutzer\u00adprofile umfassen beispiels\u00adweise die besuchten einzelnen Seiten oder betrachteten Inhalte auf unserer Website, Angaben zur Gr\u00f6sse des Bild\u00adschirms oder des Browser-Fensters und den\u00a0\u2013 zumindest ungef\u00e4hren\u00a0\u2013 Standort.\u00a0<em>Grunds\u00e4tzlich<\/em>\u00a0werden allf\u00e4llige Nutzer\u00adprofile ausschliesslich pseudo\u00adnymisiert erstellt und nicht f\u00fcr die Identi\u00adfizierung einzelner Nutzerinnen und Nutzer verwendet. Einzelne Dienste von Dritten, bei denen Nutzerinnen oder Nutzer angemeldet sind, k\u00f6nnen die Nutzung unseres Online-Angebotes allenfalls dem Nutzerkonto oder Nutzerprofil beim jeweiligen Dienst zuordnen.<\/p><p>Wir nutzen insbesondere:<\/p><ul><li><strong><a href=\"https:\/\/marketingplatform.google.com\/about\/analytics\/\" target=\"_new\" rel=\"nofollow noopener noreferrer\">Google Marketing Platform:<\/a><\/strong>\u00a0Erfolgs- und Reich\u00adweiten\u00admessung, insbesondere mit Google Analytics; Anbieterin: Google; Google Marketing Platform-spezifische Angaben: Messung auch \u00fcber verschiedene Browser und Ger\u00e4te hinweg\u00a0<strong>(Cross-Device Tracking)<\/strong>\u00a0mit pseudonymisierten IP-Adressen, die nur\u00a0<em>ausnahmsweise<\/em>\u00a0vollst\u00e4ndig an Google in den USA \u00fcbertragen werden,\u00a0<a href=\"https:\/\/support.google.com\/analytics\/answer\/6004245\" target=\"_new\" rel=\"nofollow noopener noreferrer\">Daten\u00adschutz\u00aderkl\u00e4rung f\u00fcr Google Analytics<\/a>,\u00a0<a href=\"https:\/\/tools.google.com\/dlpage\/gaoptout\" target=\"_new\" rel=\"nofollow noopener noreferrer\">\u00abBrowser Add-on zur Deaktivierung von Google Analytics\u00bb<\/a>.<\/li><li><strong><a href=\"https:\/\/marketingplatform.google.com\/about\/tag-manager\/\" target=\"_new\" rel=\"nofollow noopener noreferrer\">Google Tag Manager:<\/a><\/strong>\u00a0Einbindung und Verwaltung von Diensten von Google und Dritten, insbesondere f\u00fcr die Erfolgs- und Reich\u00adweiten\u00admessung; Anbieterin: Google; Google Tag Manager-spezifische Angaben:\u00a0<a href=\"https:\/\/support.google.com\/tagmanager\/answer\/9323295\" target=\"_new\" rel=\"nofollow noopener noreferrer\">Daten\u00adschutz\u00aderkl\u00e4rung f\u00fcr Google Tag Manager<\/a>; weitere Angaben zum Daten\u00adschutz finden sich bei den einzelnen eingebundenen und verwalteten Diensten.<\/li><\/ul><h2>\u00a0<\/h2><h2>15. Abschliessende Hinweise zur Daten\u00adschutz\u00aderkl\u00e4rung<\/h2><p>Wir haben diese Daten\u00adschutz\u00aderkl\u00e4rung mit dem\u00a0<a href=\"https:\/\/www.datenschutzpartner.ch\/angebot-datenschutz-generator\/\" target=\"_new\" rel=\"nofollow noopener\">Daten\u00adschutz-Generator<\/a>\u00a0von\u00a0<a href=\"https:\/\/datenschutzpartner.ch\/\" target=\"_new\" rel=\"nofollow noopener\">Daten\u00adschutz\u00adpartner<\/a>\u00a0erstellt.<\/p><p>Wir k\u00f6nnen diese Daten\u00adschutz\u00aderkl\u00e4rung jederzeit aktualisieren. Wir informieren \u00fcber Aktualisierungen in geeigneter Form, insbesondere durch die Ver\u00f6ffentlichung der jeweils aktuellen Daten\u00adschutz\u00aderkl\u00e4rung auf unserer Website<br \/>.<\/p>\t\t\t\t\t\t\t\t<\/div>\n\t\t\t\t<\/div>\n\t\t\t\t\t<\/div>\n\t\t<\/div>\n\t\t\t\t\t<\/div>\n\t\t<\/section>\n\t\t\t\t<\/div>","protected":false},"excerpt":{"rendered":"<p>Daten\u00adschutz\u00aderkl\u00e4rung Mit dieser\u00a0Daten\u00adschutz\u00aderkl\u00e4rung\u00a0informieren wir \u00fcber die Bearbeitung von Personen\u00addaten im Zusammen\u00adhang mit unseren\u00a0Aktivit\u00e4ten und T\u00e4tigkeiten\u00a0einschliesslich unserer\u00a0Website\u00a0unter dem Domain\u00adnamen\u00a0cm-lodge.com. Wir informieren insbesondere, wof\u00fcr, wie und wo wir welche Personen\u00addaten bearbeiten. Wir informieren ausserdem \u00fcber die Rechte von Personen, deren Daten wir bearbeiten. F\u00fcr einzelne oder zus\u00e4tzliche Aktivit\u00e4ten und T\u00e4tigkeiten k\u00f6nnen wir weitere Daten\u00adschutzer\u00adkl\u00e4rungen oder sonstige Informationen [&hellip;]<\/p>\n","protected":false},"author":4,"featured_media":0,"parent":0,"menu_order":0,"comment_status":"closed","ping_status":"closed","template":"","meta":{"footnotes":""},"class_list":["post-7997","page","type-page","status-publish","hentry"],"yoast_head":"<!-- This site is optimized with the Yoast SEO plugin v27.4 - https:\/\/yoast.com\/product\/yoast-seo-wordpress\/ -->\n<title>Datenschutzerkl\u00e4rung - Conrad&#039;s Mountain Lodge<\/title>\n<meta name=\"robots\" content=\"index, follow, max-snippet:-1, max-image-preview:large, max-video-preview:-1\" \/>\n<link rel=\"canonical\" href=\"https:\/\/www.cm-lodge.com\/it\/datenschutzerklaerung\/\" \/>\n<meta property=\"og:locale\" content=\"it_IT\" \/>\n<meta property=\"og:type\" content=\"article\" \/>\n<meta property=\"og:title\" content=\"Datenschutzerkl\u00e4rung - Conrad&#039;s Mountain Lodge\" \/>\n<meta property=\"og:description\" content=\"Daten\u00adschutz\u00aderkl\u00e4rung Mit dieser\u00a0Daten\u00adschutz\u00aderkl\u00e4rung\u00a0informieren wir \u00fcber die Bearbeitung von Personen\u00addaten im Zusammen\u00adhang mit unseren\u00a0Aktivit\u00e4ten und T\u00e4tigkeiten\u00a0einschliesslich unserer\u00a0Website\u00a0unter dem Domain\u00adnamen\u00a0cm-lodge.com. Wir informieren insbesondere, wof\u00fcr, wie und wo wir welche Personen\u00addaten bearbeiten. Wir informieren ausserdem \u00fcber die Rechte von Personen, deren Daten wir bearbeiten. F\u00fcr einzelne oder zus\u00e4tzliche Aktivit\u00e4ten und T\u00e4tigkeiten k\u00f6nnen wir weitere Daten\u00adschutzer\u00adkl\u00e4rungen oder sonstige Informationen [&hellip;]\" \/>\n<meta property=\"og:url\" content=\"https:\/\/www.cm-lodge.com\/it\/datenschutzerklaerung\/\" \/>\n<meta property=\"og:site_name\" content=\"Conrad&#039;s Mountain Lodge\" \/>\n<meta property=\"article:modified_time\" content=\"2025-07-14T15:47:07+00:00\" \/>\n<meta name=\"twitter:card\" content=\"summary_large_image\" \/>\n<meta name=\"twitter:label1\" content=\"Tempo di lettura stimato\" \/>\n\t<meta name=\"twitter:data1\" content=\"21 minuti\" \/>\n<script type=\"application\/ld+json\" class=\"yoast-schema-graph\">{\"@context\":\"https:\\\/\\\/schema.org\",\"@graph\":[{\"@type\":\"WebPage\",\"@id\":\"https:\\\/\\\/www.cm-lodge.com\\\/datenschutzerklaerung\\\/\",\"url\":\"https:\\\/\\\/www.cm-lodge.com\\\/datenschutzerklaerung\\\/\",\"name\":\"Datenschutzerkl\u00e4rung - Conrad&#039;s Mountain Lodge\",\"isPartOf\":{\"@id\":\"https:\\\/\\\/www.cm-lodge.com\\\/#website\"},\"datePublished\":\"2025-04-01T16:10:03+00:00\",\"dateModified\":\"2025-07-14T15:47:07+00:00\",\"breadcrumb\":{\"@id\":\"https:\\\/\\\/www.cm-lodge.com\\\/datenschutzerklaerung\\\/#breadcrumb\"},\"inLanguage\":\"it-IT\",\"potentialAction\":[{\"@type\":\"ReadAction\",\"target\":[\"https:\\\/\\\/www.cm-lodge.com\\\/datenschutzerklaerung\\\/\"]}]},{\"@type\":\"BreadcrumbList\",\"@id\":\"https:\\\/\\\/www.cm-lodge.com\\\/datenschutzerklaerung\\\/#breadcrumb\",\"itemListElement\":[{\"@type\":\"ListItem\",\"position\":1,\"name\":\"Startseite\",\"item\":\"https:\\\/\\\/www.cm-lodge.com\\\/\"},{\"@type\":\"ListItem\",\"position\":2,\"name\":\"Datenschutzerkl\u00e4rung\"}]},{\"@type\":\"WebSite\",\"@id\":\"https:\\\/\\\/www.cm-lodge.com\\\/#website\",\"url\":\"https:\\\/\\\/www.cm-lodge.com\\\/\",\"name\":\"Conrad&#039;s Mountain Lodge\",\"description\":\"\",\"publisher\":{\"@id\":\"https:\\\/\\\/www.cm-lodge.com\\\/#organization\"},\"potentialAction\":[{\"@type\":\"SearchAction\",\"target\":{\"@type\":\"EntryPoint\",\"urlTemplate\":\"https:\\\/\\\/www.cm-lodge.com\\\/?s={search_term_string}\"},\"query-input\":{\"@type\":\"PropertyValueSpecification\",\"valueRequired\":true,\"valueName\":\"search_term_string\"}}],\"inLanguage\":\"it-IT\"},{\"@type\":\"Organization\",\"@id\":\"https:\\\/\\\/www.cm-lodge.com\\\/#organization\",\"name\":\"Conrad&#039;s Mountain Lodge\",\"url\":\"https:\\\/\\\/www.cm-lodge.com\\\/\",\"logo\":{\"@type\":\"ImageObject\",\"inLanguage\":\"it-IT\",\"@id\":\"https:\\\/\\\/www.cm-lodge.com\\\/#\\\/schema\\\/logo\\\/image\\\/\",\"url\":\"https:\\\/\\\/www.cm-lodge.com\\\/wp-content\\\/uploads\\\/2020\\\/06\\\/cml-logo-petrol.svg\",\"contentUrl\":\"https:\\\/\\\/www.cm-lodge.com\\\/wp-content\\\/uploads\\\/2020\\\/06\\\/cml-logo-petrol.svg\",\"width\":723,\"height\":239,\"caption\":\"Conrad&#039;s Mountain Lodge\"},\"image\":{\"@id\":\"https:\\\/\\\/www.cm-lodge.com\\\/#\\\/schema\\\/logo\\\/image\\\/\"}}]}<\/script>\n<!-- \/ Yoast SEO plugin. -->","yoast_head_json":{"title":"Datenschutzerkl\u00e4rung - Conrad&#039;s Mountain Lodge","robots":{"index":"index","follow":"follow","max-snippet":"max-snippet:-1","max-image-preview":"max-image-preview:large","max-video-preview":"max-video-preview:-1"},"canonical":"https:\/\/www.cm-lodge.com\/it\/datenschutzerklaerung\/","og_locale":"it_IT","og_type":"article","og_title":"Datenschutzerkl\u00e4rung - Conrad&#039;s Mountain Lodge","og_description":"Daten\u00adschutz\u00aderkl\u00e4rung Mit dieser\u00a0Daten\u00adschutz\u00aderkl\u00e4rung\u00a0informieren wir \u00fcber die Bearbeitung von Personen\u00addaten im Zusammen\u00adhang mit unseren\u00a0Aktivit\u00e4ten und T\u00e4tigkeiten\u00a0einschliesslich unserer\u00a0Website\u00a0unter dem Domain\u00adnamen\u00a0cm-lodge.com. Wir informieren insbesondere, wof\u00fcr, wie und wo wir welche Personen\u00addaten bearbeiten. Wir informieren ausserdem \u00fcber die Rechte von Personen, deren Daten wir bearbeiten. F\u00fcr einzelne oder zus\u00e4tzliche Aktivit\u00e4ten und T\u00e4tigkeiten k\u00f6nnen wir weitere Daten\u00adschutzer\u00adkl\u00e4rungen oder sonstige Informationen [&hellip;]","og_url":"https:\/\/www.cm-lodge.com\/it\/datenschutzerklaerung\/","og_site_name":"Conrad&#039;s Mountain Lodge","article_modified_time":"2025-07-14T15:47:07+00:00","twitter_card":"summary_large_image","twitter_misc":{"Tempo di lettura stimato":"21 minuti"},"schema":{"@context":"https:\/\/schema.org","@graph":[{"@type":"WebPage","@id":"https:\/\/www.cm-lodge.com\/datenschutzerklaerung\/","url":"https:\/\/www.cm-lodge.com\/datenschutzerklaerung\/","name":"Datenschutzerkl\u00e4rung - Conrad&#039;s Mountain Lodge","isPartOf":{"@id":"https:\/\/www.cm-lodge.com\/#website"},"datePublished":"2025-04-01T16:10:03+00:00","dateModified":"2025-07-14T15:47:07+00:00","breadcrumb":{"@id":"https:\/\/www.cm-lodge.com\/datenschutzerklaerung\/#breadcrumb"},"inLanguage":"it-IT","potentialAction":[{"@type":"ReadAction","target":["https:\/\/www.cm-lodge.com\/datenschutzerklaerung\/"]}]},{"@type":"BreadcrumbList","@id":"https:\/\/www.cm-lodge.com\/datenschutzerklaerung\/#breadcrumb","itemListElement":[{"@type":"ListItem","position":1,"name":"Startseite","item":"https:\/\/www.cm-lodge.com\/"},{"@type":"ListItem","position":2,"name":"Datenschutzerkl\u00e4rung"}]},{"@type":"WebSite","@id":"https:\/\/www.cm-lodge.com\/#website","url":"https:\/\/www.cm-lodge.com\/","name":"Conrad&#039;s Mountain Lodge","description":"","publisher":{"@id":"https:\/\/www.cm-lodge.com\/#organization"},"potentialAction":[{"@type":"SearchAction","target":{"@type":"EntryPoint","urlTemplate":"https:\/\/www.cm-lodge.com\/?s={search_term_string}"},"query-input":{"@type":"PropertyValueSpecification","valueRequired":true,"valueName":"search_term_string"}}],"inLanguage":"it-IT"},{"@type":"Organization","@id":"https:\/\/www.cm-lodge.com\/#organization","name":"Conrad&#039;s Mountain Lodge","url":"https:\/\/www.cm-lodge.com\/","logo":{"@type":"ImageObject","inLanguage":"it-IT","@id":"https:\/\/www.cm-lodge.com\/#\/schema\/logo\/image\/","url":"https:\/\/www.cm-lodge.com\/wp-content\/uploads\/2020\/06\/cml-logo-petrol.svg","contentUrl":"https:\/\/www.cm-lodge.com\/wp-content\/uploads\/2020\/06\/cml-logo-petrol.svg","width":723,"height":239,"caption":"Conrad&#039;s Mountain Lodge"},"image":{"@id":"https:\/\/www.cm-lodge.com\/#\/schema\/logo\/image\/"}}]}},"_links":{"self":[{"href":"https:\/\/www.cm-lodge.com\/it\/wp-json\/wp\/v2\/pages\/7997","targetHints":{"allow":["GET"]}}],"collection":[{"href":"https:\/\/www.cm-lodge.com\/it\/wp-json\/wp\/v2\/pages"}],"about":[{"href":"https:\/\/www.cm-lodge.com\/it\/wp-json\/wp\/v2\/types\/page"}],"author":[{"embeddable":true,"href":"https:\/\/www.cm-lodge.com\/it\/wp-json\/wp\/v2\/users\/4"}],"replies":[{"embeddable":true,"href":"https:\/\/www.cm-lodge.com\/it\/wp-json\/wp\/v2\/comments?post=7997"}],"version-history":[{"count":10,"href":"https:\/\/www.cm-lodge.com\/it\/wp-json\/wp\/v2\/pages\/7997\/revisions"}],"predecessor-version":[{"id":8048,"href":"https:\/\/www.cm-lodge.com\/it\/wp-json\/wp\/v2\/pages\/7997\/revisions\/8048"}],"wp:attachment":[{"href":"https:\/\/www.cm-lodge.com\/it\/wp-json\/wp\/v2\/media?parent=7997"}],"curies":[{"name":"wp","href":"https:\/\/api.w.org\/{rel}","templated":true}]}}